{"id":21,"date":"2023-06-26T10:30:40","date_gmt":"2023-06-26T08:30:40","guid":{"rendered":"https:\/\/dieidee-wolhusen.ch\/New\/\/?page_id=21"},"modified":"2023-09-22T15:51:14","modified_gmt":"2023-09-22T13:51:14","slug":"ueber-uns","status":"publish","type":"page","link":"https:\/\/dieidee-wolhusen.ch\/New\/ueber-uns\/","title":{"rendered":"\u00dcber uns"},"content":{"rendered":"<h1>Die Idee<\/h1>\n<hr>\n<div>\n<p>Ich, Daniela B\u00fchler, habe das Blumengesch\u00e4ft, die Idee am Kreisel in Wolhusen am 1. Juli 2018 \u00fcbernommen.<\/p>\n<p>Als Gesch\u00e4ftsinhaberin f\u00fchre ich den Blumenladen mit zwei Teilzeitfloristinnen und einer Lernenden.<\/p>\n<p>Mit <strong>junger und inovativer Floristik<\/strong> m\u00f6chte ich meine Kundschaft mit spritzigen Ideen \u00fcberraschen. Ob Brautstrauss, Tischdekorationen, Trauerfloristik, Gratulationsstr\u00e4ussen, bepflanzte Gef\u00e4sse oder einfach Blumen zum Schenken: <strong>Ich und mein Team freuen uns auf Ihren Besuch.\u00a0<\/strong><\/p>\n<p><strong>Die Idee hat bestimmt das Passende f\u00fcr Sie!<\/strong><\/p>\n<\/div>\n<h2>\u00d6ffnungszeiten<\/h2>\n<hr>\n<div>\n<p><strong>Montag bis Freitag:<\/strong><br \/>09:00 bis 12:00 Uhr und 13:30 bis 18:30 Uhr<\/p>\n<p><strong>Samstag:<\/strong><br \/>09:00 bis 16:00 Uhr durchgehend<\/p>\n<p>Ausserhalb der \u00d6ffnungszeiten und am Wochenende finden Sie ein Teilsortiment unserer Blumen im 24 Stunden Blumenh\u00fcsli vor dem Laden und im Top Shop (bei Landi) an der Entlebucherstrasse in Wolhusen.<\/p>\n<\/div>\n<h1>Team<\/h1>\n<hr>\n<div>\n<p>Daniela B\u00fchler f\u00fchrt den Blumenladen mit den Floristinnen Melanie Schilter-Werlen, Sandra M\u00fcller und der Lernenden Sara Roos.<\/p>\n<\/div>\n<ul>\n<li>\n<p>        <img decoding=\"async\" src=\"\/New\/wp-content\/uploads\/2023\/06\/Buehler_Daniela-scaled.jpg\" alt=\"Daniela B\u00fchler\"><\/p>\n<h3>Daniela B\u00fchler<\/h3>\n<div>\n<p>Gesch\u00e4ftsinhaberin<\/p>\n<\/div>\n<\/li>\n<li>\n<p>        <img decoding=\"async\" src=\"\/New\/wp-content\/uploads\/2023\/09\/Sara_Roos-scaled.jpg\" alt=\"Muriel Amstutz\"><\/p>\n<h3>Sara Roos<\/h3>\n<div>\n<p>Lernende<\/p>\n<\/div>\n<\/li>\n<li>\n<p>        <img decoding=\"async\" src=\"\/New\/wp-content\/uploads\/2023\/06\/Melanie-schiltter-scaled.jpg\" alt=\"Melanie Schilter-Werlen\"><\/p>\n<h3>Melanie Schilter-Werlen<\/h3>\n<div>\n<p><span>Teilzeitfloristin<\/span><\/p>\n<\/div>\n<\/li>\n<li>\n<p>        <img decoding=\"async\" src=\"\/New\/wp-content\/uploads\/2023\/06\/sandra_mueller-scaled.jpg\" alt=\"Sandra M\u00fcller\"><\/p>\n<h3>Sandra M\u00fcller<\/h3>\n<div>\n<p><span>Teilzeitfloristin<\/span><\/p>\n<\/div>\n<\/li>\n<\/ul>\n<p><!--more--><br \/>\n<!-- {\"type\":\"layout\",\"children\":[{\"name\":\"Kontakt\",\"type\":\"section\",\"props\":{\"image_position\":\"center-center\",\"style\":\"default\",\"title_breakpoint\":\"xl\",\"title_position\":\"top-left\",\"title_rotation\":\"left\",\"vertical_align\":\"middle\",\"width\":\"large\"},\"children\":[{\"type\":\"row\",\"props\":{\"layout\":\"2-3,1-3\",\"margin_remove_bottom\":false,\"match\":false},\"children\":[{\"type\":\"column\",\"props\":{\"image_position\":\"center-center\",\"position_sticky_breakpoint\":\"m\",\"width_medium\":\"2-3\"},\"children\":[{\"type\":\"headline\",\"props\":{\"content\":\"Die Idee\",\"title_element\":\"h1\"}},{\"type\":\"divider\",\"props\":{\"divider_element\":\"hr\",\"divider_style\":\"small\"}},{\"type\":\"text\",\"props\":{\"column_breakpoint\":\"m\",\"content\":\"\n\n<p>Ich, Daniela B\\u00fchler, habe das Blumengesch\\u00e4ft, die Idee am Kreisel in Wolhusen am 1. Juli 2018 \\u00fcbernommen.<\\\/p>\\n\n\n<p>Als Gesch\\u00e4ftsinhaberin f\\u00fchre ich den Blumenladen mit zwei Teilzeitfloristinnen und einer Lernenden.<\\\/p>\\n\n\n<p>Mit <strong>junger und inovativer Floristik<\\\/strong> m\\u00f6chte ich meine Kundschaft mit spritzigen Ideen \\u00fcberraschen. Ob Brautstrauss, Tischdekorationen, Trauerfloristik, Gratulationsstr\\u00e4ussen, bepflanzte Gef\\u00e4sse oder einfach Blumen zum Schenken: <strong>Ich und mein Team freuen uns auf Ihren Besuch.\\u00a0<\\\/strong><\\\/p>\\n\n\n<p><strong>Die Idee hat bestimmt das Passende f\\u00fcr Sie!<\\\/strong><\\\/p>\",\"margin\":\"default\"}}]},{\"type\":\"column\",\"props\":{\"image_position\":\"center-center\",\"padding\":\"small\",\"position_sticky_breakpoint\":\"m\",\"style\":\"tile-muted\",\"width_medium\":\"1-3\"},\"children\":[{\"type\":\"headline\",\"props\":{\"content\":\"\\u00d6ffnungszeiten\",\"title_element\":\"h2\",\"title_style\":\"h5\"}},{\"type\":\"divider\",\"props\":{\"divider_element\":\"hr\",\"divider_style\":\"small\"}},{\"type\":\"text\",\"props\":{\"column_breakpoint\":\"m\",\"content\":\"\n\n<p><strong>Montag bis Freitag:<\\\/strong><br \\\/>09:00 bis 12:00 Uhr und 13:30 bis 18:30 Uhr<\\\/p>\\n\n\n<p><strong>Samstag:<\\\/strong><br \\\/>09:00 bis 16:00 Uhr durchgehend<\\\/p>\\n\n\n<p>Ausserhalb der \\u00d6ffnungszeiten und am Wochenende finden Sie ein Teilsortiment unserer Blumen im 24 Stunden Blumenh\\u00fcsli vor dem Laden und im Top Shop (bei Landi) an der Entlebucherstrasse in Wolhusen.<\\\/p>\",\"margin\":\"default\"}}]}]}]},{\"type\":\"section\",\"props\":{\"image_position\":\"center-center\",\"padding\":\"small\",\"padding_remove_top\":false,\"style\":\"muted\",\"title_breakpoint\":\"xl\",\"title_position\":\"top-left\",\"title_rotation\":\"left\",\"vertical_align\":\"middle\",\"width\":\"large\"},\"children\":[{\"type\":\"row\",\"children\":[{\"type\":\"column\",\"props\":{\"image_position\":\"center-center\",\"position_sticky_breakpoint\":\"m\",\"width_medium\":\"1-1\"},\"children\":[{\"type\":\"headline\",\"props\":{\"content\":\"Team\",\"title_element\":\"h1\"}},{\"type\":\"divider\",\"props\":{\"divider_element\":\"hr\",\"divider_style\":\"small\"}},{\"type\":\"text\",\"props\":{\"column_breakpoint\":\"m\",\"content\":\"\n\n<p>Daniela B\\u00fchler f\\u00fchrt den Blumenladen mit den Floristinnen Melanie Schilter-Werlen, Sandra M\\u00fcller und der Lernenden Sara Roos.<\\\/p>\",\"margin\":\"default\"}},{\"type\":\"grid\",\"props\":{\"content_column_breakpoint\":\"m\",\"filter\":false,\"filter_align\":\"left\",\"filter_all\":true,\"filter_grid_breakpoint\":\"m\",\"filter_grid_width\":\"auto\",\"filter_position\":\"top\",\"filter_style\":\"tab\",\"grid_column_gap\":\"large\",\"grid_default\":\"1\",\"grid_divider\":false,\"grid_medium\":\"3\",\"grid_row_gap\":\"large\",\"grid_small\":\"2\",\"icon_width\":80,\"image_align\":\"top\",\"image_grid_breakpoint\":\"m\",\"image_grid_width\":\"1-2\",\"image_svg_color\":\"emphasis\",\"item_animation\":true,\"link_style\":\"default\",\"link_text\":\"Read more\",\"margin\":\"default\",\"meta_align\":\"below-title\",\"meta_element\":\"div\",\"meta_style\":\"text-meta\",\"panel_image_no_padding\":true,\"panel_padding\":\"default\",\"panel_style\":\"card-primary\",\"parallax_easing\":\"1\",\"show_content\":true,\"show_image\":true,\"show_link\":false,\"show_meta\":false,\"show_title\":true,\"text_align\":\"center\",\"title_align\":\"top\",\"title_decoration\":\"divider\",\"title_element\":\"h3\",\"title_grid_breakpoint\":\"m\",\"title_grid_width\":\"1-2\",\"title_hover_style\":\"reset\"},\"children\":[{\"type\":\"grid_item\",\"props\":{\"content\":\"\n\n<p>Gesch\\u00e4ftsinhaberin<\\\/p>\",\"image\":\"wp-content\\\/uploads\\\/2023\\\/06\\\/Buehler_Daniela-scaled.jpg\",\"image_alt\":\"Daniela B\\u00fchler\",\"title\":\"Daniela B\\u00fchler\"}},{\"type\":\"grid_item\",\"props\":{\"content\":\"\n\n<p>Lernende<\\\/p>\",\"image\":\"wp-content\\\/uploads\\\/2023\\\/09\\\/Sara_Roos-scaled.jpg\",\"image_alt\":\"Muriel Amstutz\",\"title\":\"Sara Roos\"}},{\"type\":\"grid_item\",\"props\":{\"content\":\"\n\n<p><span>Teilzeitfloristin<\\\/span><\\\/p>\",\"image\":\"wp-content\\\/uploads\\\/2023\\\/06\\\/Melanie-schiltter-scaled.jpg\",\"image_alt\":\"Melanie Schilter-Werlen\",\"meta\":\"\",\"title\":\"Melanie Schilter-Werlen\"}},{\"type\":\"grid_item\",\"props\":{\"content\":\"\n\n<p><span>Teilzeitfloristin<\\\/span><\\\/p>\",\"image\":\"wp-content\\\/uploads\\\/2023\\\/06\\\/sandra_mueller-scaled.jpg\",\"image_alt\":\"Sandra M\\u00fcller\",\"title\":\"Sandra M\\u00fcller\"}}]}]}]}]}],\"version\":\"4.0.6\"} --><\/p>\n","protected":false},"excerpt":{"rendered":"<p>Die Idee Ich, Daniela B\u00fchler, habe das Blumengesch\u00e4ft, die Idee am Kreisel in Wolhusen am 1. Juli 2018 \u00fcbernommen. Als Gesch\u00e4ftsinhaberin f\u00fchre ich den Blumenladen mit zwei Teilzeitfloristinnen und einer Lernenden. Mit junger und inovativer Floristik m\u00f6chte ich meine Kundschaft mit spritzigen Ideen \u00fcberraschen. Ob Brautstrauss, Tischdekorationen, Trauerfloristik, Gratulationsstr\u00e4ussen, bepflanzte Gef\u00e4sse oder einfach Blumen zum [&hellip;]<\/p>\n","protected":false},"author":1,"featured_media":0,"parent":0,"menu_order":0,"comment_status":"closed","ping_status":"closed","template":"","meta":{"footnotes":""},"class_list":["post-21","page","type-page","status-publish","hentry"],"_links":{"self":[{"href":"https:\/\/dieidee-wolhusen.ch\/New\/wp-json\/wp\/v2\/pages\/21","targetHints":{"allow":["GET"]}}],"collection":[{"href":"https:\/\/dieidee-wolhusen.ch\/New\/wp-json\/wp\/v2\/pages"}],"about":[{"href":"https:\/\/dieidee-wolhusen.ch\/New\/wp-json\/wp\/v2\/types\/page"}],"author":[{"embeddable":true,"href":"https:\/\/dieidee-wolhusen.ch\/New\/wp-json\/wp\/v2\/users\/1"}],"replies":[{"embeddable":true,"href":"https:\/\/dieidee-wolhusen.ch\/New\/wp-json\/wp\/v2\/comments?post=21"}],"version-history":[{"count":13,"href":"https:\/\/dieidee-wolhusen.ch\/New\/wp-json\/wp\/v2\/pages\/21\/revisions"}],"predecessor-version":[{"id":325,"href":"https:\/\/dieidee-wolhusen.ch\/New\/wp-json\/wp\/v2\/pages\/21\/revisions\/325"}],"wp:attachment":[{"href":"https:\/\/dieidee-wolhusen.ch\/New\/wp-json\/wp\/v2\/media?parent=21"}],"curies":[{"name":"wp","href":"https:\/\/api.w.org\/{rel}","templated":true}]}}